{"id":9900,"date":"2025-06-25T09:34:24","date_gmt":"2025-06-25T07:34:24","guid":{"rendered":"https:\/\/www.flaugergues.com\/\u00e9v\u00e8nement\/les-aleas-vocal-ensemble-concert\/"},"modified":"2025-06-25T09:46:51","modified_gmt":"2025-06-25T07:46:51","slug":"les-aleas-vocal-ensemble-concert","status":"publish","type":"event_listing","link":"https:\/\/www.flaugergues.com\/en\/event\/les-aleas-vocal-ensemble-concert\/","title":{"rendered":"Les Al\u00e9as&#8221; vocal ensemble concert"},"content":{"rendered":"\n<p class=\"wp-block-paragraph\">The professional singers of the \u201cLes Al\u00e9as\u201d vocal sextet tackle a varied and popular repertoire, with the finesse and exacting standards of a cappella music!<\/p>\n\n<p class=\"wp-block-paragraph\"><a>Through arrangements selected or created for the occasion, the<\/a> sextet will travel through eras and genres, revisiting both great opera arias and French chanson, traditional music and cartoons. Highlights include La vie en rose, Carmen's Habanera, Besame Mucho, Les feuilles mortes, My Lord, La valse \u00e0 mille temps... <\/p>\n\n<p class=\"wp-block-paragraph\">These young singers are seeking to break away from the sometimes austere and elitist vision of classical music, while asserting its lyrical essence!<\/p>\n\n<p class=\"wp-block-paragraph\">With <strong>Am\u00e9lie Raison <\/strong>(soprano), <strong>Alexia Macbeth<\/strong> (mezzo-soprano), <strong>Lauriane Le Prev <\/strong>(alto),<strong> Etienne Combie<\/strong>r (tenor), <strong>J\u00e9rome Wukovits<\/strong> (tenor) and <strong>Milan Faure <\/strong>(bass).<\/p>\n\n<p class=\"wp-block-paragraph\">An original concert...<strong> a moment of pure musical joy!<\/strong><\/p>\n\n<p class=\"wp-block-paragraph\"><strong>Les Al\u00e9as\" concert<\/strong><\/p>\n\n<p class=\"wp-block-paragraph\"><strong>Sunday 7 December at 5pm<\/strong> at the <strong>Ch\u00e2teau de Flaugergues<\/strong><\/p>\n\n<p class=\"wp-block-paragraph\">Normal: <strong>\u20ac25<\/strong><\/p>\n\n<p class=\"wp-block-paragraph\">Art Flau members\/students\/jobseekers\/young people aged 12 to 18: <strong>\u20ac21<\/strong><\/p>\n\n<p class=\"wp-block-paragraph\"><em>Free for under 12s<\/em><\/p>\n\n<p class=\"wp-block-paragraph\"><a>To benefit from the reduced \u201cArt Flau member\u201d rate, you can take out your 2025 annual membership by following this link:<\/a> <a href=\"https:\/\/www.helloasso.com\/associations\/art-flau\/adhesions\/adhesion-art-flau-2025\">HERE<\/a><\/p>\n\n<p class=\"wp-block-paragraph\"><\/p>\n\n<p class=\"wp-block-paragraph\"><a href=\"https:\/\/www.flaugergues.com\/en\/cultural-events\/\">See the full programme<\/a><\/p>\n\n<p class=\"wp-block-paragraph\"><a href=\"https:\/\/billetterie.flaugergues.com\/events\/concert-les-aleas\">tickets<\/a><\/p>\n","protected":false},"featured_media":9867,"template":"","meta":[],"event_listing_category":[434],"event_listing_type":[492],"class_list":["post-9900","event_listing","type-event_listing","status-publish","has-post-thumbnail","hentry","event_listing_category-art-flau","event_listing_type-art-flau"],"yoast_head":"<!-- This site is optimized with the Yoast SEO plugin v28.3 - https:\/\/yoast.com\/product\/yoast-seo-wordpress\/ -->\n<title>Les Al\u00e9as&quot; vocal ensemble concert - Ch\u00e2teau de Flaugergues<\/title>\n<meta name=\"description\" content=\"Les Al\u00e9as concert at the Ch\u00e2teau de Flaugergues on 7 December 2025, the singers of the vocal sextet will be performing a cappella music!\" \/>\n<meta name=\"robots\" content=\"index, follow, max-snippet:-1, max-image-preview:large, max-video-preview:-1\" \/>\n<link rel=\"canonical\" href=\"https:\/\/www.flaugergues.com\/en\/event\/les-aleas-vocal-ensemble-concert\/\" \/>\n<meta property=\"og:locale\" content=\"en_US\" \/>\n<meta property=\"og:type\" content=\"article\" \/>\n<meta property=\"og:title\" content=\"Les Al\u00e9as&quot; vocal ensemble concert - Ch\u00e2teau de Flaugergues\" \/>\n<meta property=\"og:description\" content=\"Les Al\u00e9as concert at the Ch\u00e2teau de Flaugergues on 7 December 2025, the singers of the vocal sextet will be performing a cappella music!\" \/>\n<meta property=\"og:url\" content=\"https:\/\/www.flaugergues.com\/en\/event\/les-aleas-vocal-ensemble-concert\/\" \/>\n<meta property=\"og:site_name\" content=\"Ch\u00e2teau de Flaugergues\" \/>\n<meta property=\"article:publisher\" content=\"https:\/\/www.facebook.com\/chateaudeflaugergues\/?locale=fr_FR\" \/>\n<meta property=\"article:modified_time\" content=\"2025-06-25T07:46:51+00:00\" \/>\n<meta property=\"og:image\" content=\"https:\/\/www.flaugergues.com\/wp-content\/uploads\/2025\/06\/Les-Aleas-Concert-_-7.12-e1750836509356.jpg\" \/>\n\t<meta property=\"og:image:width\" content=\"1080\" \/>\n\t<meta property=\"og:image:height\" content=\"1080\" \/>\n\t<meta property=\"og:image:type\" content=\"image\/jpeg\" \/>\n<meta name=\"twitter:card\" content=\"summary_large_image\" \/>\n<meta name=\"twitter:label1\" content=\"Est. reading time\" \/>\n\t<meta name=\"twitter:data1\" content=\"1 minute\" \/>\n<script type=\"application\/ld+json\" class=\"yoast-schema-graph\">{\"@context\":\"https:\\\/\\\/schema.org\",\"@graph\":[{\"@type\":\"WebPage\",\"@id\":\"https:\\\/\\\/www.flaugergues.com\\\/en\\\/event\\\/les-aleas-vocal-ensemble-concert\\\/\",\"url\":\"https:\\\/\\\/www.flaugergues.com\\\/en\\\/event\\\/les-aleas-vocal-ensemble-concert\\\/\",\"name\":\"Les Al\u00e9as\\\" vocal ensemble concert - Ch\u00e2teau de Flaugergues\",\"isPartOf\":{\"@id\":\"https:\\\/\\\/www.flaugergues.com\\\/en\\\/#website\"},\"primaryImageOfPage\":{\"@id\":\"https:\\\/\\\/www.flaugergues.com\\\/en\\\/event\\\/les-aleas-vocal-ensemble-concert\\\/#primaryimage\"},\"image\":{\"@id\":\"https:\\\/\\\/www.flaugergues.com\\\/en\\\/event\\\/les-aleas-vocal-ensemble-concert\\\/#primaryimage\"},\"thumbnailUrl\":\"https:\\\/\\\/www.flaugergues.com\\\/wp-content\\\/uploads\\\/2025\\\/06\\\/Les-Aleas-Concert-_-7.12-e1750836509356.jpg\",\"datePublished\":\"2025-06-25T07:34:24+00:00\",\"dateModified\":\"2025-06-25T07:46:51+00:00\",\"description\":\"Les Al\u00e9as concert at the Ch\u00e2teau de Flaugergues on 7 December 2025, the singers of the vocal sextet will be performing a cappella music!\",\"breadcrumb\":{\"@id\":\"https:\\\/\\\/www.flaugergues.com\\\/en\\\/event\\\/les-aleas-vocal-ensemble-concert\\\/#breadcrumb\"},\"inLanguage\":\"en-US\",\"potentialAction\":[{\"@type\":\"ReadAction\",\"target\":[\"https:\\\/\\\/www.flaugergues.com\\\/en\\\/event\\\/les-aleas-vocal-ensemble-concert\\\/\"]}]},{\"@type\":\"ImageObject\",\"inLanguage\":\"en-US\",\"@id\":\"https:\\\/\\\/www.flaugergues.com\\\/en\\\/event\\\/les-aleas-vocal-ensemble-concert\\\/#primaryimage\",\"url\":\"https:\\\/\\\/www.flaugergues.com\\\/wp-content\\\/uploads\\\/2025\\\/06\\\/Les-Aleas-Concert-_-7.12-e1750836509356.jpg\",\"contentUrl\":\"https:\\\/\\\/www.flaugergues.com\\\/wp-content\\\/uploads\\\/2025\\\/06\\\/Les-Aleas-Concert-_-7.12-e1750836509356.jpg\",\"width\":1080,\"height\":1080,\"caption\":\"Les Al\u00e9as Concert _ 7.12\"},{\"@type\":\"BreadcrumbList\",\"@id\":\"https:\\\/\\\/www.flaugergues.com\\\/en\\\/event\\\/les-aleas-vocal-ensemble-concert\\\/#breadcrumb\",\"itemListElement\":[{\"@type\":\"ListItem\",\"position\":1,\"name\":\"Accueil\",\"item\":\"https:\\\/\\\/www.flaugergues.com\\\/en\\\/\"},{\"@type\":\"ListItem\",\"position\":2,\"name\":\"Les Al\u00e9as&#8221; vocal ensemble concert\"}]},{\"@type\":\"WebSite\",\"@id\":\"https:\\\/\\\/www.flaugergues.com\\\/en\\\/#website\",\"url\":\"https:\\\/\\\/www.flaugergues.com\\\/en\\\/\",\"name\":\"Ch\u00e2teau de Flaugergues\",\"description\":\"Depuis 1696\",\"publisher\":{\"@id\":\"https:\\\/\\\/www.flaugergues.com\\\/en\\\/#organization\"},\"potentialAction\":[{\"@type\":\"SearchAction\",\"target\":{\"@type\":\"EntryPoint\",\"urlTemplate\":\"https:\\\/\\\/www.flaugergues.com\\\/en\\\/?s={search_term_string}\"},\"query-input\":{\"@type\":\"PropertyValueSpecification\",\"valueRequired\":true,\"valueName\":\"search_term_string\"}}],\"inLanguage\":\"en-US\"},{\"@type\":\"Organization\",\"@id\":\"https:\\\/\\\/www.flaugergues.com\\\/en\\\/#organization\",\"name\":\"Ch\u00e2teau de Flaugergues\",\"url\":\"https:\\\/\\\/www.flaugergues.com\\\/en\\\/\",\"logo\":{\"@type\":\"ImageObject\",\"inLanguage\":\"en-US\",\"@id\":\"https:\\\/\\\/www.flaugergues.com\\\/en\\\/#\\\/schema\\\/logo\\\/image\\\/\",\"url\":\"\",\"contentUrl\":\"\",\"caption\":\"Ch\u00e2teau de Flaugergues\"},\"image\":{\"@id\":\"https:\\\/\\\/www.flaugergues.com\\\/en\\\/#\\\/schema\\\/logo\\\/image\\\/\"},\"sameAs\":[\"https:\\\/\\\/www.facebook.com\\\/chateaudeflaugergues\\\/?locale=fr_FR\",\"https:\\\/\\\/www.instagram.com\\\/chateau_de_flaugergues\\\/?hl=fr\",\"https:\\\/\\\/www.youtube.com\\\/channel\\\/UCe20yS6XNwyvuuoTgVQjJCQ\"]}]}<\/script>\n<!-- \/ Yoast SEO plugin. -->","yoast_head_json":{"title":"Les Al\u00e9as\" vocal ensemble concert - Ch\u00e2teau de Flaugergues","description":"Les Al\u00e9as concert at the Ch\u00e2teau de Flaugergues on 7 December 2025, the singers of the vocal sextet will be performing a cappella music!","robots":{"index":"index","follow":"follow","max-snippet":"max-snippet:-1","max-image-preview":"max-image-preview:large","max-video-preview":"max-video-preview:-1"},"canonical":"https:\/\/www.flaugergues.com\/en\/event\/les-aleas-vocal-ensemble-concert\/","og_locale":"en_US","og_type":"article","og_title":"Les Al\u00e9as\" vocal ensemble concert - Ch\u00e2teau de Flaugergues","og_description":"Les Al\u00e9as concert at the Ch\u00e2teau de Flaugergues on 7 December 2025, the singers of the vocal sextet will be performing a cappella music!","og_url":"https:\/\/www.flaugergues.com\/en\/event\/les-aleas-vocal-ensemble-concert\/","og_site_name":"Ch\u00e2teau de Flaugergues","article_publisher":"https:\/\/www.facebook.com\/chateaudeflaugergues\/?locale=fr_FR","article_modified_time":"2025-06-25T07:46:51+00:00","og_image":[{"width":1080,"height":1080,"url":"https:\/\/www.flaugergues.com\/wp-content\/uploads\/2025\/06\/Les-Aleas-Concert-_-7.12-e1750836509356.jpg","type":"image\/jpeg"}],"twitter_card":"summary_large_image","twitter_misc":{"Est. reading time":"1 minute"},"schema":{"@context":"https:\/\/schema.org","@graph":[{"@type":"WebPage","@id":"https:\/\/www.flaugergues.com\/en\/event\/les-aleas-vocal-ensemble-concert\/","url":"https:\/\/www.flaugergues.com\/en\/event\/les-aleas-vocal-ensemble-concert\/","name":"Les Al\u00e9as\" vocal ensemble concert - Ch\u00e2teau de Flaugergues","isPartOf":{"@id":"https:\/\/www.flaugergues.com\/en\/#website"},"primaryImageOfPage":{"@id":"https:\/\/www.flaugergues.com\/en\/event\/les-aleas-vocal-ensemble-concert\/#primaryimage"},"image":{"@id":"https:\/\/www.flaugergues.com\/en\/event\/les-aleas-vocal-ensemble-concert\/#primaryimage"},"thumbnailUrl":"https:\/\/www.flaugergues.com\/wp-content\/uploads\/2025\/06\/Les-Aleas-Concert-_-7.12-e1750836509356.jpg","datePublished":"2025-06-25T07:34:24+00:00","dateModified":"2025-06-25T07:46:51+00:00","description":"Les Al\u00e9as concert at the Ch\u00e2teau de Flaugergues on 7 December 2025, the singers of the vocal sextet will be performing a cappella music!","breadcrumb":{"@id":"https:\/\/www.flaugergues.com\/en\/event\/les-aleas-vocal-ensemble-concert\/#breadcrumb"},"inLanguage":"en-US","potentialAction":[{"@type":"ReadAction","target":["https:\/\/www.flaugergues.com\/en\/event\/les-aleas-vocal-ensemble-concert\/"]}]},{"@type":"ImageObject","inLanguage":"en-US","@id":"https:\/\/www.flaugergues.com\/en\/event\/les-aleas-vocal-ensemble-concert\/#primaryimage","url":"https:\/\/www.flaugergues.com\/wp-content\/uploads\/2025\/06\/Les-Aleas-Concert-_-7.12-e1750836509356.jpg","contentUrl":"https:\/\/www.flaugergues.com\/wp-content\/uploads\/2025\/06\/Les-Aleas-Concert-_-7.12-e1750836509356.jpg","width":1080,"height":1080,"caption":"Les Al\u00e9as Concert _ 7.12"},{"@type":"BreadcrumbList","@id":"https:\/\/www.flaugergues.com\/en\/event\/les-aleas-vocal-ensemble-concert\/#breadcrumb","itemListElement":[{"@type":"ListItem","position":1,"name":"Accueil","item":"https:\/\/www.flaugergues.com\/en\/"},{"@type":"ListItem","position":2,"name":"Les Al\u00e9as&#8221; vocal ensemble concert"}]},{"@type":"WebSite","@id":"https:\/\/www.flaugergues.com\/en\/#website","url":"https:\/\/www.flaugergues.com\/en\/","name":"Ch\u00e2teau de Flaugergues","description":"Depuis 1696","publisher":{"@id":"https:\/\/www.flaugergues.com\/en\/#organization"},"potentialAction":[{"@type":"SearchAction","target":{"@type":"EntryPoint","urlTemplate":"https:\/\/www.flaugergues.com\/en\/?s={search_term_string}"},"query-input":{"@type":"PropertyValueSpecification","valueRequired":true,"valueName":"search_term_string"}}],"inLanguage":"en-US"},{"@type":"Organization","@id":"https:\/\/www.flaugergues.com\/en\/#organization","name":"Ch\u00e2teau de Flaugergues","url":"https:\/\/www.flaugergues.com\/en\/","logo":{"@type":"ImageObject","inLanguage":"en-US","@id":"https:\/\/www.flaugergues.com\/en\/#\/schema\/logo\/image\/","url":"","contentUrl":"","caption":"Ch\u00e2teau de Flaugergues"},"image":{"@id":"https:\/\/www.flaugergues.com\/en\/#\/schema\/logo\/image\/"},"sameAs":["https:\/\/www.facebook.com\/chateaudeflaugergues\/?locale=fr_FR","https:\/\/www.instagram.com\/chateau_de_flaugergues\/?hl=fr","https:\/\/www.youtube.com\/channel\/UCe20yS6XNwyvuuoTgVQjJCQ"]}]}},"_links":{"self":[{"href":"https:\/\/www.flaugergues.com\/en\/wp-json\/wp\/v2\/event_listing\/9900","targetHints":{"allow":["GET"]}}],"collection":[{"href":"https:\/\/www.flaugergues.com\/en\/wp-json\/wp\/v2\/event_listing"}],"about":[{"href":"https:\/\/www.flaugergues.com\/en\/wp-json\/wp\/v2\/types\/event_listing"}],"wp:featuredmedia":[{"embeddable":true,"href":"https:\/\/www.flaugergues.com\/en\/wp-json\/wp\/v2\/media\/9867"}],"wp:attachment":[{"href":"https:\/\/www.flaugergues.com\/en\/wp-json\/wp\/v2\/media?parent=9900"}],"wp:term":[{"taxonomy":"event_listing_category","embeddable":true,"href":"https:\/\/www.flaugergues.com\/en\/wp-json\/wp\/v2\/event_listing_category?post=9900"},{"taxonomy":"event_listing_type","embeddable":true,"href":"https:\/\/www.flaugergues.com\/en\/wp-json\/wp\/v2\/event_listing_type?post=9900"}],"curies":[{"name":"wp","href":"https:\/\/api.w.org\/{rel}","templated":true}]}}